{"id":44,"date":"2020-04-18T20:09:21","date_gmt":"2020-04-18T20:09:21","guid":{"rendered":"http:\/\/valdalen.se\/?page_id=44"},"modified":"2026-03-25T21:17:43","modified_gmt":"2026-03-25T21:17:43","slug":"om-mig","status":"publish","type":"page","link":"https:\/\/valdalen.se\/?page_id=44","title":{"rendered":"Om mig"},"content":{"rendered":"\n<figure class=\"wp-block-image size-large\"><img loading=\"lazy\" decoding=\"async\" width=\"826\" height=\"1024\" src=\"https:\/\/valdalen.se\/wp-content\/uploads\/2026\/02\/undis-och-jag--826x1024.jpg\" alt=\"\" class=\"wp-image-1087\" srcset=\"https:\/\/valdalen.se\/wp-content\/uploads\/2026\/02\/undis-och-jag--826x1024.jpg 826w, https:\/\/valdalen.se\/wp-content\/uploads\/2026\/02\/undis-och-jag--242x300.jpg 242w, https:\/\/valdalen.se\/wp-content\/uploads\/2026\/02\/undis-och-jag--768x952.jpg 768w, https:\/\/valdalen.se\/wp-content\/uploads\/2026\/02\/undis-och-jag-.jpg 946w\" sizes=\"auto, (max-width: 826px) 100vw, 826px\" \/><\/figure>\n\n\n\n<p>Jag heter Linda H\u00e5kansson och bor med min familj p\u00e5 Gateg\u00e5rden strax norr om Hj\u00e4rtum i Bohusl\u00e4n. G\u00e5rden \u00e4r sedan 2021 \u00e4r en Godk\u00e4nd <a href=\"https:\/\/hushallningssallskapet.se\/tjanster\/landsbygd\/gron-arena\/\">Gr\u00f6n Arena g\u00e5rd<\/a>.&nbsp;Jag \u00e4r legitimerad l\u00e4rare i svenska och engelska f\u00f6r grundskolans senare \u00e5r och har l\u00e4st 30 hp specialpedagogik.&nbsp; Jag har arbetat i olika skolor och har bland annat erfarenhet av spr\u00e5k och kunskapsutvecklande arbetss\u00e4tt samt att m\u00f6ta elever i behov av s\u00e4rskilt st\u00f6d.<br><br>Under min uppv\u00e4xt hade vi b\u00e5de h\u00e4star, hundar och andra sm\u00e5djur d\u00e4rf\u00f6r har djur och natur har alltid legat mig varmt om hj\u00e4rtat. I ton\u00e5ren gick jag ungdomsledarkurser och var aktiv inom ungdomssektionen i ridklubben. Vidare ledde det till ridledarutbildning och arbete p\u00e5 olika ridskolor samt i privatstall men jag best\u00e4mde mig till slut f\u00f6r att det var l\u00e4rare jag ville utbilda mig till.<\/p>\n\n\n\n<p>Efter tio \u00e5r som l\u00e4rare i grundskolan s\u00e5g jag m\u00f6jligheten att kombinera mitt intresse f\u00f6r djur och natur med pedagogik genom en <a href=\"https:\/\/stromsholm.com\/utbildning\/tillaggsutbildning-hastunderstodda-insatser-inriktning-terapi-specialpedagogik\/\">till\u00e4ggsutbildning i h\u00e4stunderst\u00f6dda insatser vid Str\u00f6msholm <\/a>som jag genomf\u00f6rde 18\/19. Kursen har gett mycket kunskap om och bekr\u00e4ftelse p\u00e5 att djur och natur \u00e4r fr\u00e4mjande f\u00f6r bland annat h\u00e4lsa och motivation. Det har inspirerat mig att forts\u00e4tta tro p\u00e5 att h\u00e4stunderst\u00f6dda insatser \u00e4r en l\u00e5ngsiktig investering f\u00f6r samh\u00e4llet och folkh\u00e4lsan. Under \u00e5ret 23\/24 har jag dessutom genomg\u00e5tt en Bes\u00f6kshundsutbildning vid Hundens Hus vilket inneb\u00e4r att vi kan arbeta p\u00e5 exempelvis \u00e4ldreboende, med elever \u00f6ver 13 \u00e5r samt inom socialtj\u00e4nsten. Under h\u00f6sten 24 blev jag diplomerad &#8221;<a href=\"https:\/\/www.laramedhastar.se\/\">L\u00e4ra med H\u00e4star-handledare<\/a>&#8221; och hoppas kunna samverka med kommuner och skolor men \u00e4ven f\u00f6retag fram\u00f6ver. 2025\/26 g\u00e5r jag och Undis forts\u00e4ttningsutbildning f\u00f6r att bli Skol-och terapihundsteam. I \u00e5r blev jag ocks\u00e5 <a href=\"https:\/\/ohi.nu\/information-om-ohi-certifiering\/\" data-type=\"link\" data-id=\"https:\/\/ohi.nu\/information-om-ohi-certifiering\/\">OHI-certifierad<\/a> vilket inneb\u00e4r ytterligare en kvalitetss\u00e4kring f\u00f6r verksamheten. <\/p>\n\n\n\n<p>Tanken om en egen verksamhet har funnits sedan jag var liten och har vuxit fram under senare \u00e5r. M\u00e5nga avg\u00f6rande bitar har fallit p\u00e5 plats. Sedan i juni -25 satsar jag helhj\u00e4rtat p\u00e5 att arbeta med Valdalens Djur &amp; Natur och med ett v\u00e4xande intresse f\u00f6r tr\u00e4dg\u00e5rd och bes\u00f6ksn\u00e4ring har jag breddat verksamheten med stuguthyrning via Airbnb och blomstertr\u00e4dg\u00e5rd samt lite gr\u00f6nsaksodling. Jag passade p\u00e5 att under h\u00f6sten -25 g\u00e5 kursen <a href=\"https:\/\/katrineberg.regionhalland.se\/katrineberg\/vara-kurser\/kurser\/2025-08-19-naturen-som-halsoframjande-arena\" data-type=\"link\" data-id=\"https:\/\/katrineberg.regionhalland.se\/katrineberg\/vara-kurser\/kurser\/2025-08-19-naturen-som-halsoframjande-arena\">Naturen som h\u00e4lsofr\u00e4mjande arena<\/a> och hoppas \u00e4ven kunna m\u00f6ta en \u00e4ldre m\u00e5lgrupp f\u00f6r exempelvis blomsterarrangemang och liknande. <\/p>\n\n\n\n<p>V\u00e4lkomna till Valdalens Djur &amp; Natur<br>\/Linda<\/p>\n\n\n\n<p><br><\/p>\n\n\n\n<p><\/p>\n","protected":false},"excerpt":{"rendered":"<p>Jag heter Linda H\u00e5kansson och bor med min familj p\u00e5 Gateg\u00e5rden strax norr om Hj\u00e4rtum i Bohusl\u00e4n. G\u00e5rden \u00e4r sedan 2021 \u00e4r en Godk\u00e4nd Gr\u00f6n Arena g\u00e5rd.&nbsp;Jag \u00e4r legitimerad l\u00e4rare i svenska och engelska f\u00f6r&hellip;<\/p>\n","protected":false},"author":1,"featured_media":0,"parent":0,"menu_order":0,"comment_status":"closed","ping_status":"closed","template":"","meta":{"footnotes":""},"class_list":["post-44","page","type-page","status-publish","hentry"],"_links":{"self":[{"href":"https:\/\/valdalen.se\/index.php?rest_route=\/wp\/v2\/pages\/44","targetHints":{"allow":["GET"]}}],"collection":[{"href":"https:\/\/valdalen.se\/index.php?rest_route=\/wp\/v2\/pages"}],"about":[{"href":"https:\/\/valdalen.se\/index.php?rest_route=\/wp\/v2\/types\/page"}],"author":[{"embeddable":true,"href":"https:\/\/valdalen.se\/index.php?rest_route=\/wp\/v2\/users\/1"}],"replies":[{"embeddable":true,"href":"https:\/\/valdalen.se\/index.php?rest_route=%2Fwp%2Fv2%2Fcomments&post=44"}],"version-history":[{"count":46,"href":"https:\/\/valdalen.se\/index.php?rest_route=\/wp\/v2\/pages\/44\/revisions"}],"predecessor-version":[{"id":1290,"href":"https:\/\/valdalen.se\/index.php?rest_route=\/wp\/v2\/pages\/44\/revisions\/1290"}],"wp:attachment":[{"href":"https:\/\/valdalen.se\/index.php?rest_route=%2Fwp%2Fv2%2Fmedia&parent=44"}],"curies":[{"name":"wp","href":"https:\/\/api.w.org\/{rel}","templated":true}]}}