{"id":378,"date":"2021-01-07T14:36:14","date_gmt":"2021-01-07T14:36:14","guid":{"rendered":"http:\/\/valdalen.se\/?page_id=378"},"modified":"2026-03-25T21:16:10","modified_gmt":"2026-03-25T21:16:10","slug":"gron-arena-for-naturlig-livskraft","status":"publish","type":"page","link":"https:\/\/valdalen.se\/?page_id=378","title":{"rendered":"Gr\u00f6n Arena &#8211; f\u00f6r naturlig livskraft"},"content":{"rendered":"\n<p>Valdalens Djur &amp; Natur blev godk\u00e4nd Gr\u00f6n Arena-g\u00e5rd 2021. Nu kan g\u00e5rden bredda utbudet och ut\u00f6ver djur och natur \u00e4ven erbjuda aktiviteter inom tr\u00e4dg\u00e5rdssk\u00f6tsel och odling.  En meningsfull syssels\u00e4ttning genererar i v\u00e4lbefinnande som g\u00f6r att vi m\u00e5r bra. Kanske beh\u00f6ver du \u00e5terh\u00e4mtning, en fritidssyssels\u00e4ttning eller komma tillbaka i arbete\/skola. D\u00e5 kan n\u00e5gon av aktiviteterna p\u00e5 g\u00e5rden hj\u00e4lpa dig.<\/p>\n\n\n\n<p>Om du \u00e4r intresserad av att veta mer eller ett samarbete s\u00e5 tveka inte att h\u00f6ra av dig. Alla aktiviteter p\u00e5 g\u00e5rden individanpassas efter deltagarnas \u00f6nskem\u00e5l, f\u00f6ruts\u00e4ttningar och behov. <\/p>\n\n\n\n<figure class=\"wp-block-image size-large\"><a href=\"https:\/\/hushallningssallskapet.se\/forskning-utveckling\/gron-arena\/det-har-ar-gron-arena\/\"><img loading=\"lazy\" decoding=\"async\" width=\"1024\" height=\"417\" src=\"https:\/\/valdalen.se\/wp-content\/uploads\/2021\/01\/Logotype-Gr\u00f6n-Arena-002-1024x417.jpg\" alt=\"\" class=\"wp-image-379\" srcset=\"https:\/\/valdalen.se\/wp-content\/uploads\/2021\/01\/Logotype-Gr\u00f6n-Arena-002-1024x417.jpg 1024w, https:\/\/valdalen.se\/wp-content\/uploads\/2021\/01\/Logotype-Gr\u00f6n-Arena-002-300x122.jpg 300w, https:\/\/valdalen.se\/wp-content\/uploads\/2021\/01\/Logotype-Gr\u00f6n-Arena-002-768x313.jpg 768w, https:\/\/valdalen.se\/wp-content\/uploads\/2021\/01\/Logotype-Gr\u00f6n-Arena-002.jpg 1519w\" sizes=\"auto, (max-width: 1024px) 100vw, 1024px\" \/><\/a><figcaption class=\"wp-element-caption\">&#8221;Gr\u00f6n Arena \u00e4r ett koncept inom Hush\u00e5llningss\u00e4llskapet f\u00f6r utveckling av g\u00e5rdar som erbjuder tj\u00e4nster inom social omsorg, skola och h\u00e4lsoomr\u00e5det. Tj\u00e4nster som anpassas efter den enskilde individen f\u00f6r att n\u00e5 personlig utveckling och en f\u00f6rb\u00e4ttrad livskvalit\u00e9. Aktiviteterna utg\u00e5r fr\u00e5n g\u00e5rdens arbete med djur, natur och tr\u00e4dg\u00e5rd.&#8221;<br>(www.hushallningssallskapet.se. L\u00e4s mer <a href=\"https:\/\/hushallningssallskapet.se\/forskning-utveckling\/gron-arena\/det-har-ar-gron-arena\/\">H\u00c4R<\/a>)<\/figcaption><\/figure>\n\n\n\n<div class=\"wp-block-group\"><div class=\"wp-block-group__inner-container is-layout-flow wp-block-group-is-layout-flow\">\n<figure class=\"wp-block-gallery has-nested-images columns-default is-cropped wp-block-gallery-1 is-layout-flex wp-block-gallery-is-layout-flex\">\n<figure class=\"wp-block-image size-large\"><img loading=\"lazy\" decoding=\"async\" width=\"213\" height=\"206\" data-id=\"390\" src=\"https:\/\/valdalen.se\/wp-content\/uploads\/2021\/01\/sophie.jpg\" alt=\"\" class=\"wp-image-390\"\/><figcaption class=\"wp-element-caption\">Djur<\/figcaption><\/figure>\n\n\n\n<figure class=\"wp-block-image size-large\"><img loading=\"lazy\" decoding=\"async\" width=\"398\" height=\"206\" data-id=\"391\" src=\"https:\/\/valdalen.se\/wp-content\/uploads\/2021\/01\/b\u00e4ck.jpg\" alt=\"\" class=\"wp-image-391\" srcset=\"https:\/\/valdalen.se\/wp-content\/uploads\/2021\/01\/b\u00e4ck.jpg 398w, https:\/\/valdalen.se\/wp-content\/uploads\/2021\/01\/b\u00e4ck-300x155.jpg 300w\" sizes=\"auto, (max-width: 398px) 100vw, 398px\" \/><figcaption class=\"wp-element-caption\">Natur<\/figcaption><\/figure>\n\n\n\n<figure class=\"wp-block-image size-large\"><img loading=\"lazy\" decoding=\"async\" width=\"1024\" height=\"764\" data-id=\"386\" src=\"https:\/\/valdalen.se\/wp-content\/uploads\/2021\/01\/mor\u00f6tter-1024x764.jpg\" alt=\"\" class=\"wp-image-386\" srcset=\"https:\/\/valdalen.se\/wp-content\/uploads\/2021\/01\/mor\u00f6tter-1024x764.jpg 1024w, https:\/\/valdalen.se\/wp-content\/uploads\/2021\/01\/mor\u00f6tter-300x224.jpg 300w, https:\/\/valdalen.se\/wp-content\/uploads\/2021\/01\/mor\u00f6tter-768x573.jpg 768w, https:\/\/valdalen.se\/wp-content\/uploads\/2021\/01\/mor\u00f6tter-1536x1146.jpg 1536w, https:\/\/valdalen.se\/wp-content\/uploads\/2021\/01\/mor\u00f6tter.jpg 2016w\" sizes=\"auto, (max-width: 1024px) 100vw, 1024px\" \/><figcaption class=\"wp-element-caption\">Tr\u00e4dg\u00e5rd<\/figcaption><\/figure>\n<\/figure>\n<\/div><\/div>\n\n\n\n<h2 class=\"wp-block-heading\">Gr\u00f6n Arena 3F<\/h2>\n\n\n\n<p>Under v\u00e5ren 2022  drev vi under 12 veckor  integrationsprojektet Gr\u00f6n Arena 3F (F\u00f6rsteg- Framsteg- Framg\u00e5ng). Projektet leddes av Hush\u00e5llningss\u00e4llskapet och finansieras av Jorbruksverket. De fyra utrikesf\u00f6dda personer som blev tillfr\u00e5gade, var p\u00e5 studiebes\u00f6k och valde slutligen att starta sin praktik h\u00e4r p\u00e5 g\u00e5rden. Syftet var att deltagarna skulle bredda sitt ordf\u00f6rr\u00e5d samt bef\u00e4sta kunskaper inom gr\u00f6na n\u00e4ringar med f\u00f6rhoppningen att n\u00e4rma sig arbetsmarknaden. Projektet innebar \u00e4ven att bli en del av en gemenskap, l\u00e4ra av varandra, skapa relationer, bli fysiskt aktiva vilket f\u00e5r oss att m\u00e5 b\u00e4ttre och st\u00e4rker v\u00e5r sj\u00e4lvk\u00e4nsla. Allt vi g\u00f6r ska leda till en k\u00e4nsla av sammanhang (KASAM) och meningsfullhet. I det h\u00e4r projektet deltog Ale kommun samt Lilla Edets kommun.<\/p>\n\n\n\n<figure class=\"wp-block-image size-large\"><img loading=\"lazy\" decoding=\"async\" width=\"1024\" height=\"1024\" src=\"https:\/\/valdalen.se\/wp-content\/uploads\/2022\/03\/loggor-1024x1024.jpg\" alt=\"\" class=\"wp-image-723\" srcset=\"https:\/\/valdalen.se\/wp-content\/uploads\/2022\/03\/loggor-1024x1024.jpg 1024w, https:\/\/valdalen.se\/wp-content\/uploads\/2022\/03\/loggor-300x300.jpg 300w, https:\/\/valdalen.se\/wp-content\/uploads\/2022\/03\/loggor-150x150.jpg 150w, https:\/\/valdalen.se\/wp-content\/uploads\/2022\/03\/loggor-768x768.jpg 768w, https:\/\/valdalen.se\/wp-content\/uploads\/2022\/03\/loggor.jpg 1080w\" sizes=\"auto, (max-width: 1024px) 100vw, 1024px\" \/><\/figure>\n\n\n\n<p><\/p>\n\n\n\n<p><\/p>\n","protected":false},"excerpt":{"rendered":"<p>Valdalens Djur &amp; Natur blev godk\u00e4nd Gr\u00f6n Arena-g\u00e5rd 2021. Nu kan g\u00e5rden bredda utbudet och ut\u00f6ver djur och natur \u00e4ven erbjuda aktiviteter inom tr\u00e4dg\u00e5rdssk\u00f6tsel och odling. En meningsfull syssels\u00e4ttning genererar i v\u00e4lbefinnande som g\u00f6r att&hellip;<\/p>\n","protected":false},"author":1,"featured_media":0,"parent":0,"menu_order":0,"comment_status":"closed","ping_status":"closed","template":"","meta":{"footnotes":""},"class_list":["post-378","page","type-page","status-publish","hentry"],"_links":{"self":[{"href":"https:\/\/valdalen.se\/index.php?rest_route=\/wp\/v2\/pages\/378","targetHints":{"allow":["GET"]}}],"collection":[{"href":"https:\/\/valdalen.se\/index.php?rest_route=\/wp\/v2\/pages"}],"about":[{"href":"https:\/\/valdalen.se\/index.php?rest_route=\/wp\/v2\/types\/page"}],"author":[{"embeddable":true,"href":"https:\/\/valdalen.se\/index.php?rest_route=\/wp\/v2\/users\/1"}],"replies":[{"embeddable":true,"href":"https:\/\/valdalen.se\/index.php?rest_route=%2Fwp%2Fv2%2Fcomments&post=378"}],"version-history":[{"count":13,"href":"https:\/\/valdalen.se\/index.php?rest_route=\/wp\/v2\/pages\/378\/revisions"}],"predecessor-version":[{"id":1284,"href":"https:\/\/valdalen.se\/index.php?rest_route=\/wp\/v2\/pages\/378\/revisions\/1284"}],"wp:attachment":[{"href":"https:\/\/valdalen.se\/index.php?rest_route=%2Fwp%2Fv2%2Fmedia&parent=378"}],"curies":[{"name":"wp","href":"https:\/\/api.w.org\/{rel}","templated":true}]}}